{"id":30820,"date":"2025-12-20T10:37:35","date_gmt":"2025-12-20T08:37:35","guid":{"rendered":"https:\/\/ism-granit.md\/?post_type=product&#038;p=30820"},"modified":"2026-07-20T17:55:29","modified_gmt":"2026-07-20T14:55:29","slug":"ru-pamjatnik-na-mogilu-0742-ro-monument-pe-morm-nt-0742","status":"publish","type":"product","link":"https:\/\/ism-granit.md\/ro\/product\/ru-pamjatnik-na-mogilu-0742-ro-monument-pe-morm-nt-0742\/","title":{"rendered":"MONUMENT PE MORM\u00c2NT \u21160742"},"content":{"rendered":"<div class=\"wpb-content-wrapper\" id=\"wpb-content-root\"><p>[vc_row][vc_column][vc_column_text css=&#8221;&#8221; woodmart_inline=&#8221;no&#8221; text_larger=&#8221;no&#8221;]<\/p>\n<h2>Monument funerar dublu din granit \u21160742<\/h2>\n<p>Modelul \u21160742 este conceput pentru amenajarea unui loc de veci de familie. Compozi\u021bia este format\u0103 din dou\u0103 elemente verticale din granit, cu linii superioare curbate. \u00centre acestea se afl\u0103 un decupaj \u00een form\u0103 de inim\u0103, completat de o cruce contrastant\u0103.<\/p>\n<p>Fiecare element dispune de un loc separat pentru portretul oval, numele, datele vie\u021bii \u0219i mesajul comemorativ. Combina\u021bia dintre granitul gri \u0219i cel negru eviden\u021biaz\u0103 forma monumentului \u0219i detaliile compozi\u021biei.<\/p>\n<h3>Configura\u021bia \u0219i designul modelului \u21160742<\/h3>\n<ul>\n<li>dou\u0103 elemente funerare pentru un loc de veci familial;<\/li>\n<li>dou\u0103 portrete personalizate;<\/li>\n<li>decupaj decorativ \u00een form\u0103 de inim\u0103;<\/li>\n<li>cruce contrastant\u0103 din granit;<\/li>\n<li>suport \u0219i jardinier\u0103 dreptunghiular\u0103;<\/li>\n<li>posibilitatea ad\u0103ug\u0103rii unei vaze \u0219i candele;<\/li>\n<li>livrare \u0219i instalare profesional\u0103 \u00een Moldova.<\/li>\n<\/ul>\n<p>Dimensiunile, tipul granitului, inscrip\u021biile \u0219i configura\u021bia sunt stabilite individual. Pentru calcularea pre\u021bului monumentului funerar dublu \u21160742, contacta\u021bi <a href=\"https:\/\/ism-granit.md\/ro\/contact\/\"><strong>ISM Granit<\/strong><\/a>.<\/p>\n<p>[\/vc_column_text][\/vc_column][\/vc_row]<\/p>\n<\/div>","protected":false},"excerpt":{"rendered":"<pre id=\"tw-target-text\" class=\"tw-data-text tw-text-large tw-ta\" dir=\"ltr\" role=\"text\" data-placeholder=\"\u041f\u0435\u0440\u0435\u0432\u043e\u0434\" data-ved=\"2ahUKEwj-oqyQzd2RAxWS9rsIHeqKDjwQ3ewLegQIDBAW\" aria-label=\"\u041f\u0435\u0440\u0435\u0432\u0435\u0434\u0435\u043d\u043d\u044b\u0439 \u0442\u0435\u043a\u0441\u0442: Stel\u0103 - 1200x600x60mm\r\nStele - 1100x500x60mm\r\nStele cruce - 500x150x50mm\r\nSuport superior - 1200x200x150mm\r\nSuport inferior - 1400x250x100mm\r\nPiatr\u0103 funerar\u0103 - 1400x250x30mm - 3 buc.\r\nPiatr\u0103 funerar\u0103 - 1600x300x100mm - 3 buc.\r\nPortret din sticl\u0103 colorat\u0103 - 180x240mm - 2 buc.\r\nVaz\u0103 - 300mm\r\nLamp\u0103 - 300mm\"><span class=\"Y2IQFc\" lang=\"ro\">Stel\u0103 - 1200x600x60mm\r\nStele - 1100x500x60mm\r\nStele cruce - 500x150x50mm\r\nSuport superior - 1200x200x150mm\r\nSuport inferior - 1400x250x100mm\r\nPiatr\u0103 funerar\u0103 - 1400x250x30mm - 3 buc.\r\nPiatr\u0103 funerar\u0103 - 1600x300x100mm - 3 buc.\r\nPortret din sticl\u0103 colorat\u0103 - 180x240mm - 2 buc.\r\nVaz\u0103 - 300mm\r\nLamp\u0103 - 300mm<\/span><\/pre>\n","protected":false},"featured_media":31151,"template":"","meta":[],"product_brand":[],"product_cat":[511],"product_tag":[],"class_list":["post-30820","product","type-product","status-publish","has-post-thumbnail","product_cat-memorialnye-kompleksy","first","instock","shipping-taxable","purchasable","product-type-simple"],"yoast_head":"<!-- This site is optimized with the Yoast SEO plugin v28.4 - https:\/\/yoast.com\/product\/yoast-seo-wordpress\/ -->\n<title>MONUMENT PE MORM\u00c2NT \u21160742 | ISM GranitComand\u0103 \u00een Moldova MONUMENT PE MORM\u00c2NT \u21160742 | ISM Granit<\/title>\n<meta name=\"description\" content=\"MONUMENT PE MORM\u00c2NT \u21160742 \u041f\u0440\u043e\u0438\u0437\u0432\u043e\u0434\u0441\u0442\u0432\u043e \u0438 \u043f\u0440\u043e\u0434\u0430\u0436\u0430 \u0438\u0437\u0434\u0435\u043b\u0438\u0439 \u0438\u0437 \u0433\u0440\u0430\u043d\u0438\u0442\u0430 \u0432 \u041c\u043e\u043b\u0434\u043e\u0432\u0435. \u0423\u0437\u043d\u0430\u0439\u0442\u0435 \u0446\u0435\u043d\u0443, \u0432\u0430\u0440\u0438\u0430\u043d\u0442\u044b \u0434\u043e\u0441\u0442\u0430\u0432\u043a\u0438 \u0438 \u0443\u0441\u0442\u0430\u043d\u043e\u0432\u043a\u0438 \u0432 ISM Granit.MONUMENT PE MORM\u00c2NT \u21160742 Producere \u0219i v\u00e2nzare de articole din granit \u00een Moldova. Afla\u021bi pre\u021bul \u0219i op\u021biunile de livrare \u0219i instalare la ISM Granit.\" \/>\n<meta name=\"robots\" content=\"index, follow, max-snippet:-1, max-image-preview:large, max-video-preview:-1\" \/>\n<link rel=\"canonical\" href=\"https:\/\/ism-granit.md\/ro\/wp-json\/wp\/v2\/product\/30820\" \/>\n<meta property=\"og:locale\" content=\"ro_RO\" \/>\n<meta property=\"og:type\" content=\"article\" \/>\n<meta property=\"og:title\" content=\"MONUMENT PE MORM\u00c2NT \u21160742 | ISM GranitComand\u0103 \u00een Moldova MONUMENT PE MORM\u00c2NT \u21160742 | ISM Granit\" \/>\n<meta property=\"og:description\" content=\"MONUMENT PE MORM\u00c2NT \u21160742 \u041f\u0440\u043e\u0438\u0437\u0432\u043e\u0434\u0441\u0442\u0432\u043e \u0438 \u043f\u0440\u043e\u0434\u0430\u0436\u0430 \u0438\u0437\u0434\u0435\u043b\u0438\u0439 \u0438\u0437 \u0433\u0440\u0430\u043d\u0438\u0442\u0430 \u0432 \u041c\u043e\u043b\u0434\u043e\u0432\u0435. \u0423\u0437\u043d\u0430\u0439\u0442\u0435 \u0446\u0435\u043d\u0443, \u0432\u0430\u0440\u0438\u0430\u043d\u0442\u044b \u0434\u043e\u0441\u0442\u0430\u0432\u043a\u0438 \u0438 \u0443\u0441\u0442\u0430\u043d\u043e\u0432\u043a\u0438 \u0432 ISM Granit.MONUMENT PE MORM\u00c2NT \u21160742 Producere \u0219i v\u00e2nzare de articole din granit \u00een Moldova. Afla\u021bi pre\u021bul \u0219i op\u021biunile de livrare \u0219i instalare la ISM Granit.\" \/>\n<meta property=\"og:url\" content=\"https:\/\/ism-granit.md\/ro\/wp-json\/wp\/v2\/product\/30820\" \/>\n<meta property=\"og:site_name\" content=\"ISM-GRANIT\" \/>\n<meta property=\"article:publisher\" content=\"https:\/\/www.facebook.com\/ism.granit.md\" \/>\n<meta property=\"article:modified_time\" content=\"2026-07-20T14:55:29+00:00\" \/>\n<meta property=\"og:image\" content=\"https:\/\/ism-granit.md\/wp-content\/uploads\/2025\/12\/48-kopija.jpg\" \/>\n\t<meta property=\"og:image:width\" content=\"909\" \/>\n\t<meta property=\"og:image:height\" content=\"1017\" \/>\n\t<meta property=\"og:image:type\" content=\"image\/jpeg\" \/>\n<meta name=\"twitter:card\" content=\"summary_large_image\" \/>\n<meta name=\"twitter:label1\" content=\"Timp estimat pentru citire\" \/>\n\t<meta name=\"twitter:data1\" content=\"1 minut\" \/>\n<script type=\"application\/ld+json\" class=\"yoast-schema-graph\">{\"@context\":\"https:\\\/\\\/schema.org\",\"@graph\":[{\"@type\":\"WebPage\",\"@id\":\"https:\\\/\\\/ism-granit.md\\\/ro\\\/product\\\/ru-pamjatnik-na-mogilu-0742-ro-monument-pe-morm-nt-0742\\\/\",\"url\":\"https:\\\/\\\/ism-granit.md\\\/ro\\\/product\\\/ru-pamjatnik-na-mogilu-0742-ro-monument-pe-morm-nt-0742\\\/\",\"name\":\"MONUMENT PE MORM\u00c2NT \u21160742 | ISM GranitComand\u0103 \u00een Moldova MONUMENT PE MORM\u00c2NT \u21160742 | ISM Granit\",\"isPartOf\":{\"@id\":\"https:\\\/\\\/ism-granit.md\\\/ro\\\/#website\"},\"primaryImageOfPage\":{\"@id\":\"https:\\\/\\\/ism-granit.md\\\/ro\\\/product\\\/ru-pamjatnik-na-mogilu-0742-ro-monument-pe-morm-nt-0742\\\/#primaryimage\"},\"image\":{\"@id\":\"https:\\\/\\\/ism-granit.md\\\/ro\\\/product\\\/ru-pamjatnik-na-mogilu-0742-ro-monument-pe-morm-nt-0742\\\/#primaryimage\"},\"thumbnailUrl\":\"https:\\\/\\\/ism-granit.md\\\/wp-content\\\/uploads\\\/2025\\\/12\\\/48-kopija.jpg\",\"datePublished\":\"2025-12-20T08:37:35+00:00\",\"dateModified\":\"2026-07-20T14:55:29+00:00\",\"description\":\"MONUMENT PE MORM\u00c2NT \u21160742 \u041f\u0440\u043e\u0438\u0437\u0432\u043e\u0434\u0441\u0442\u0432\u043e \u0438 \u043f\u0440\u043e\u0434\u0430\u0436\u0430 \u0438\u0437\u0434\u0435\u043b\u0438\u0439 \u0438\u0437 \u0433\u0440\u0430\u043d\u0438\u0442\u0430 \u0432 \u041c\u043e\u043b\u0434\u043e\u0432\u0435. \u0423\u0437\u043d\u0430\u0439\u0442\u0435 \u0446\u0435\u043d\u0443, \u0432\u0430\u0440\u0438\u0430\u043d\u0442\u044b \u0434\u043e\u0441\u0442\u0430\u0432\u043a\u0438 \u0438 \u0443\u0441\u0442\u0430\u043d\u043e\u0432\u043a\u0438 \u0432 ISM Granit.MONUMENT PE MORM\u00c2NT \u21160742 Producere \u0219i v\u00e2nzare de articole din granit \u00een Moldova. Afla\u021bi pre\u021bul \u0219i op\u021biunile de livrare \u0219i instalare la ISM Granit.\",\"breadcrumb\":{\"@id\":\"https:\\\/\\\/ism-granit.md\\\/ro\\\/product\\\/ru-pamjatnik-na-mogilu-0742-ro-monument-pe-morm-nt-0742\\\/#breadcrumb\"},\"inLanguage\":\"ro-RO\",\"potentialAction\":[{\"@type\":\"ReadAction\",\"target\":[\"https:\\\/\\\/ism-granit.md\\\/product\\\/ru-pamjatnik-na-mogilu-0742-ro-monument-pe-morm-nt-0742\\\/\"]}]},{\"@type\":\"ImageObject\",\"inLanguage\":\"ro-RO\",\"@id\":\"https:\\\/\\\/ism-granit.md\\\/ro\\\/product\\\/ru-pamjatnik-na-mogilu-0742-ro-monument-pe-morm-nt-0742\\\/#primaryimage\",\"url\":\"https:\\\/\\\/ism-granit.md\\\/wp-content\\\/uploads\\\/2025\\\/12\\\/48-kopija.jpg\",\"contentUrl\":\"https:\\\/\\\/ism-granit.md\\\/wp-content\\\/uploads\\\/2025\\\/12\\\/48-kopija.jpg\",\"width\":909,\"height\":1017},{\"@type\":\"BreadcrumbList\",\"@id\":\"https:\\\/\\\/ism-granit.md\\\/ro\\\/product\\\/ru-pamjatnik-na-mogilu-0742-ro-monument-pe-morm-nt-0742\\\/#breadcrumb\",\"itemListElement\":[{\"@type\":\"ListItem\",\"position\":1,\"name\":\"Home\",\"item\":\"https:\\\/\\\/ism-granit.md\\\/ro\\\/\"},{\"@type\":\"ListItem\",\"position\":2,\"name\":\"Catalog\",\"item\":\"https:\\\/\\\/ism-granit.md\\\/ro\\\/katalog\\\/\"},{\"@type\":\"ListItem\",\"position\":3,\"name\":\"\u041f\u0410\u041c\u042f\u0422\u041d\u0418\u041a \u041d\u0410 \u041c\u041e\u0413\u0418\u041b\u0423 \u21160742\"}]},{\"@type\":\"WebSite\",\"@id\":\"https:\\\/\\\/ism-granit.md\\\/ro\\\/#website\",\"url\":\"https:\\\/\\\/ism-granit.md\\\/ro\\\/\",\"name\":\"ISM-GRANIT\",\"description\":\"Comand\u0103 Monumente \u00een Moldova ISM-GRANIT\",\"publisher\":{\"@id\":\"https:\\\/\\\/ism-granit.md\\\/#organization\"},\"potentialAction\":[{\"@type\":\"SearchAction\",\"target\":{\"@type\":\"EntryPoint\",\"urlTemplate\":\"https:\\\/\\\/ism-granit.md\\\/ro\\\/?s={search_term_string}\"},\"query-input\":{\"@type\":\"PropertyValueSpecification\",\"valueRequired\":true,\"valueName\":\"search_term_string\"}}],\"inLanguage\":\"ro-RO\"},{\"@type\":\"Organization\",\"@id\":\"https:\\\/\\\/ism-granit.md\\\/#organization\",\"name\":\"ISM-GRANIT\",\"url\":\"https:\\\/\\\/ism-granit.md\\\/\",\"logo\":{\"@type\":\"ImageObject\",\"inLanguage\":\"ro-RO\",\"@id\":\"https:\\\/\\\/ism-granit.md\\\/#\\\/schema\\\/logo\\\/image\\\/\",\"url\":\"https:\\\/\\\/ism-granit.md\\\/wp-content\\\/uploads\\\/2021\\\/01\\\/bez-nazvanija-5.png\",\"contentUrl\":\"https:\\\/\\\/ism-granit.md\\\/wp-content\\\/uploads\\\/2021\\\/01\\\/bez-nazvanija-5.png\",\"width\":287,\"height\":251,\"caption\":\"ISM-GRANIT\"},\"image\":{\"@id\":\"https:\\\/\\\/ism-granit.md\\\/#\\\/schema\\\/logo\\\/image\\\/\"},\"sameAs\":[\"https:\\\/\\\/www.facebook.com\\\/ism.granit.md\"]}]}<\/script>\n<!-- \/ Yoast SEO plugin. -->","yoast_head_json":{"title":"MONUMENT PE MORM\u00c2NT \u21160742 | ISM GranitComand\u0103 \u00een Moldova MONUMENT PE MORM\u00c2NT \u21160742 | ISM Granit","description":"MONUMENT PE MORM\u00c2NT \u21160742 \u041f\u0440\u043e\u0438\u0437\u0432\u043e\u0434\u0441\u0442\u0432\u043e \u0438 \u043f\u0440\u043e\u0434\u0430\u0436\u0430 \u0438\u0437\u0434\u0435\u043b\u0438\u0439 \u0438\u0437 \u0433\u0440\u0430\u043d\u0438\u0442\u0430 \u0432 \u041c\u043e\u043b\u0434\u043e\u0432\u0435. \u0423\u0437\u043d\u0430\u0439\u0442\u0435 \u0446\u0435\u043d\u0443, \u0432\u0430\u0440\u0438\u0430\u043d\u0442\u044b \u0434\u043e\u0441\u0442\u0430\u0432\u043a\u0438 \u0438 \u0443\u0441\u0442\u0430\u043d\u043e\u0432\u043a\u0438 \u0432 ISM Granit.MONUMENT PE MORM\u00c2NT \u21160742 Producere \u0219i v\u00e2nzare de articole din granit \u00een Moldova. Afla\u021bi pre\u021bul \u0219i op\u021biunile de livrare \u0219i instalare la ISM Granit.","robots":{"index":"index","follow":"follow","max-snippet":"max-snippet:-1","max-image-preview":"max-image-preview:large","max-video-preview":"max-video-preview:-1"},"canonical":"https:\/\/ism-granit.md\/ro\/wp-json\/wp\/v2\/product\/30820","og_locale":"ro_RO","og_type":"article","og_title":"MONUMENT PE MORM\u00c2NT \u21160742 | ISM GranitComand\u0103 \u00een Moldova MONUMENT PE MORM\u00c2NT \u21160742 | ISM Granit","og_description":"MONUMENT PE MORM\u00c2NT \u21160742 \u041f\u0440\u043e\u0438\u0437\u0432\u043e\u0434\u0441\u0442\u0432\u043e \u0438 \u043f\u0440\u043e\u0434\u0430\u0436\u0430 \u0438\u0437\u0434\u0435\u043b\u0438\u0439 \u0438\u0437 \u0433\u0440\u0430\u043d\u0438\u0442\u0430 \u0432 \u041c\u043e\u043b\u0434\u043e\u0432\u0435. \u0423\u0437\u043d\u0430\u0439\u0442\u0435 \u0446\u0435\u043d\u0443, \u0432\u0430\u0440\u0438\u0430\u043d\u0442\u044b \u0434\u043e\u0441\u0442\u0430\u0432\u043a\u0438 \u0438 \u0443\u0441\u0442\u0430\u043d\u043e\u0432\u043a\u0438 \u0432 ISM Granit.MONUMENT PE MORM\u00c2NT \u21160742 Producere \u0219i v\u00e2nzare de articole din granit \u00een Moldova. Afla\u021bi pre\u021bul \u0219i op\u021biunile de livrare \u0219i instalare la ISM Granit.","og_url":"https:\/\/ism-granit.md\/ro\/wp-json\/wp\/v2\/product\/30820","og_site_name":"ISM-GRANIT","article_publisher":"https:\/\/www.facebook.com\/ism.granit.md","article_modified_time":"2026-07-20T14:55:29+00:00","og_image":[{"width":909,"height":1017,"url":"https:\/\/ism-granit.md\/wp-content\/uploads\/2025\/12\/48-kopija.jpg","type":"image\/jpeg"}],"twitter_card":"summary_large_image","twitter_misc":{"Timp estimat pentru citire":"1 minut"},"schema":{"@context":"https:\/\/schema.org","@graph":[{"@type":"WebPage","@id":"https:\/\/ism-granit.md\/ro\/product\/ru-pamjatnik-na-mogilu-0742-ro-monument-pe-morm-nt-0742\/","url":"https:\/\/ism-granit.md\/ro\/product\/ru-pamjatnik-na-mogilu-0742-ro-monument-pe-morm-nt-0742\/","name":"MONUMENT PE MORM\u00c2NT \u21160742 | ISM GranitComand\u0103 \u00een Moldova MONUMENT PE MORM\u00c2NT \u21160742 | ISM Granit","isPartOf":{"@id":"https:\/\/ism-granit.md\/ro\/#website"},"primaryImageOfPage":{"@id":"https:\/\/ism-granit.md\/ro\/product\/ru-pamjatnik-na-mogilu-0742-ro-monument-pe-morm-nt-0742\/#primaryimage"},"image":{"@id":"https:\/\/ism-granit.md\/ro\/product\/ru-pamjatnik-na-mogilu-0742-ro-monument-pe-morm-nt-0742\/#primaryimage"},"thumbnailUrl":"https:\/\/ism-granit.md\/wp-content\/uploads\/2025\/12\/48-kopija.jpg","datePublished":"2025-12-20T08:37:35+00:00","dateModified":"2026-07-20T14:55:29+00:00","description":"MONUMENT PE MORM\u00c2NT \u21160742 \u041f\u0440\u043e\u0438\u0437\u0432\u043e\u0434\u0441\u0442\u0432\u043e \u0438 \u043f\u0440\u043e\u0434\u0430\u0436\u0430 \u0438\u0437\u0434\u0435\u043b\u0438\u0439 \u0438\u0437 \u0433\u0440\u0430\u043d\u0438\u0442\u0430 \u0432 \u041c\u043e\u043b\u0434\u043e\u0432\u0435. \u0423\u0437\u043d\u0430\u0439\u0442\u0435 \u0446\u0435\u043d\u0443, \u0432\u0430\u0440\u0438\u0430\u043d\u0442\u044b \u0434\u043e\u0441\u0442\u0430\u0432\u043a\u0438 \u0438 \u0443\u0441\u0442\u0430\u043d\u043e\u0432\u043a\u0438 \u0432 ISM Granit.MONUMENT PE MORM\u00c2NT \u21160742 Producere \u0219i v\u00e2nzare de articole din granit \u00een Moldova. Afla\u021bi pre\u021bul \u0219i op\u021biunile de livrare \u0219i instalare la ISM Granit.","breadcrumb":{"@id":"https:\/\/ism-granit.md\/ro\/product\/ru-pamjatnik-na-mogilu-0742-ro-monument-pe-morm-nt-0742\/#breadcrumb"},"inLanguage":"ro-RO","potentialAction":[{"@type":"ReadAction","target":["https:\/\/ism-granit.md\/product\/ru-pamjatnik-na-mogilu-0742-ro-monument-pe-morm-nt-0742\/"]}]},{"@type":"ImageObject","inLanguage":"ro-RO","@id":"https:\/\/ism-granit.md\/ro\/product\/ru-pamjatnik-na-mogilu-0742-ro-monument-pe-morm-nt-0742\/#primaryimage","url":"https:\/\/ism-granit.md\/wp-content\/uploads\/2025\/12\/48-kopija.jpg","contentUrl":"https:\/\/ism-granit.md\/wp-content\/uploads\/2025\/12\/48-kopija.jpg","width":909,"height":1017},{"@type":"BreadcrumbList","@id":"https:\/\/ism-granit.md\/ro\/product\/ru-pamjatnik-na-mogilu-0742-ro-monument-pe-morm-nt-0742\/#breadcrumb","itemListElement":[{"@type":"ListItem","position":1,"name":"Home","item":"https:\/\/ism-granit.md\/ro\/"},{"@type":"ListItem","position":2,"name":"Catalog","item":"https:\/\/ism-granit.md\/ro\/katalog\/"},{"@type":"ListItem","position":3,"name":"\u041f\u0410\u041c\u042f\u0422\u041d\u0418\u041a \u041d\u0410 \u041c\u041e\u0413\u0418\u041b\u0423 \u21160742"}]},{"@type":"WebSite","@id":"https:\/\/ism-granit.md\/ro\/#website","url":"https:\/\/ism-granit.md\/ro\/","name":"ISM-GRANIT","description":"Comand\u0103 Monumente \u00een Moldova ISM-GRANIT","publisher":{"@id":"https:\/\/ism-granit.md\/#organization"},"potentialAction":[{"@type":"SearchAction","target":{"@type":"EntryPoint","urlTemplate":"https:\/\/ism-granit.md\/ro\/?s={search_term_string}"},"query-input":{"@type":"PropertyValueSpecification","valueRequired":true,"valueName":"search_term_string"}}],"inLanguage":"ro-RO"},{"@type":"Organization","@id":"https:\/\/ism-granit.md\/#organization","name":"ISM-GRANIT","url":"https:\/\/ism-granit.md\/","logo":{"@type":"ImageObject","inLanguage":"ro-RO","@id":"https:\/\/ism-granit.md\/#\/schema\/logo\/image\/","url":"https:\/\/ism-granit.md\/wp-content\/uploads\/2021\/01\/bez-nazvanija-5.png","contentUrl":"https:\/\/ism-granit.md\/wp-content\/uploads\/2021\/01\/bez-nazvanija-5.png","width":287,"height":251,"caption":"ISM-GRANIT"},"image":{"@id":"https:\/\/ism-granit.md\/#\/schema\/logo\/image\/"},"sameAs":["https:\/\/www.facebook.com\/ism.granit.md"]}]}},"_links":{"self":[{"href":"https:\/\/ism-granit.md\/ro\/wp-json\/wp\/v2\/product\/30820","targetHints":{"allow":["GET"]}}],"collection":[{"href":"https:\/\/ism-granit.md\/ro\/wp-json\/wp\/v2\/product"}],"about":[{"href":"https:\/\/ism-granit.md\/ro\/wp-json\/wp\/v2\/types\/product"}],"wp:featuredmedia":[{"embeddable":true,"href":"https:\/\/ism-granit.md\/ro\/wp-json\/wp\/v2\/media\/31151"}],"wp:attachment":[{"href":"https:\/\/ism-granit.md\/ro\/wp-json\/wp\/v2\/media?parent=30820"}],"wp:term":[{"taxonomy":"product_brand","embeddable":true,"href":"https:\/\/ism-granit.md\/ro\/wp-json\/wp\/v2\/product_brand?post=30820"},{"taxonomy":"product_cat","embeddable":true,"href":"https:\/\/ism-granit.md\/ro\/wp-json\/wp\/v2\/product_cat?post=30820"},{"taxonomy":"product_tag","embeddable":true,"href":"https:\/\/ism-granit.md\/ro\/wp-json\/wp\/v2\/product_tag?post=30820"}],"curies":[{"name":"wp","href":"https:\/\/api.w.org\/{rel}","templated":true}]}}